{"id":17337,"date":"2022-11-07T12:37:31","date_gmt":"2022-11-07T11:37:31","guid":{"rendered":"https:\/\/deltabirdingfestival.com\/conferencies-dbf22\/"},"modified":"2022-11-14T11:16:59","modified_gmt":"2022-11-14T10:16:59","slug":"dbf22-conferences","status":"publish","type":"page","link":"https:\/\/deltabirdingfestival.com\/en\/dbf22-conferences\/","title":{"rendered":"#dbf22 conferences"},"content":{"rendered":"\n<p>Check out the #dbf22 conferences that took place in marquee 1 on September 23, 24 and 25, 2022:<\/p>\n\n\n\n<h3 class=\"wp-block-heading\">FRIDAY 23.09.2022<\/h3>\n\n\n\n<div class=\"wp-block-group alignwide\"><div class=\"wp-block-group__inner-container is-layout-flow wp-block-group-is-layout-flow\">\n<div class=\"wp-block-columns is-layout-flex wp-container-core-columns-is-layout-9d6595d7 wp-block-columns-is-layout-flex\">\n<div class=\"wp-block-column is-layout-flow wp-block-column-is-layout-flow\"><figure class=\"old-block-image\">\n\t    <img decoding=\"async\" \n\t            class=\"lazy lazyload\" \n\t            data-mobilesrc=\"https:\/\/deltabirdingfestival.com\/wp-content\/uploads\/2022\/11\/1-5.jpg\" \n\t            data-src=\"https:\/\/deltabirdingfestival.com\/wp-content\/uploads\/2022\/11\/1-5.jpg\" \n\t            alt=\"1-5\" \n\t            src=\"data:image\/png;base64,iVBORw0KGgoAAAANSUhEUgAAAAEAAAABCAYAAAAfFcSJAAAAAXNSR0IArs4c6QAAAARnQU1BAACxjwv8YQUAAAAJcEhZcwAADsQAAA7EAZUrDhsAAAANSURBVBhXYzh8+PB\/AAffA0nNPuCLAAAAAElFTkSuQmCC\">\n\t   <\/figure>\n\n\n<h4 class=\"has-text-align-center wp-block-heading\"><a href=\"https:\/\/youtu.be\/Rul-qcaDoZY\">MARC VILAHUR <\/a><\/h4>\n\n\n\n<h5 class=\"has-text-align-center wp-block-heading\"><a href=\"https:\/\/youtu.be\/Rul-qcaDoZY\">&#8220;Observatori del Patrimoni Natural i la Biodiversitat&#8221; (CAT)<\/a><\/h5>\n<\/div>\n\n\n\n<div class=\"wp-block-column is-layout-flow wp-block-column-is-layout-flow\"><figure class=\"old-block-image\">\n\t    <img decoding=\"async\" \n\t            class=\"lazy lazyload\" \n\t            data-mobilesrc=\"https:\/\/deltabirdingfestival.com\/wp-content\/uploads\/2022\/11\/2-5.jpg\" \n\t            data-src=\"https:\/\/deltabirdingfestival.com\/wp-content\/uploads\/2022\/11\/2-5.jpg\" \n\t            alt=\"2-5\" \n\t            src=\"data:image\/png;base64,iVBORw0KGgoAAAANSUhEUgAAAAEAAAABCAYAAAAfFcSJAAAAAXNSR0IArs4c6QAAAARnQU1BAACxjwv8YQUAAAAJcEhZcwAADsQAAA7EAZUrDhsAAAANSURBVBhXYzh8+PB\/AAffA0nNPuCLAAAAAElFTkSuQmCC\">\n\t   <\/figure>\n\n\n<h4 class=\"has-text-align-center wp-block-heading\">STEPHEN BAILLIE (AVAILABLE SOON)<\/h4>\n\n\n\n<h5 class=\"has-text-align-center wp-block-heading\">&#8220;The Eurasian African Bird Migration Atlas: large-scale movements of European birds&#8221; (ENG)<\/h5>\n<\/div>\n<\/div>\n<\/div><\/div>\n\n\n\n<div style=\"height:20px\" aria-hidden=\"true\" class=\"wp-block-spacer\"><\/div>\n\n\n\n<div class=\"wp-block-group alignwide\"><div class=\"wp-block-group__inner-container is-layout-flow wp-block-group-is-layout-flow\">\n<div class=\"wp-block-columns is-layout-flex wp-container-core-columns-is-layout-9d6595d7 wp-block-columns-is-layout-flex\">\n<div class=\"wp-block-column is-layout-flow wp-block-column-is-layout-flow\"><figure class=\"old-block-image\">\n\t    <img decoding=\"async\" \n\t            class=\"lazy lazyload\" \n\t            data-mobilesrc=\"https:\/\/deltabirdingfestival.com\/wp-content\/uploads\/2022\/11\/conferencies-dbf22.jpg\" \n\t            data-src=\"https:\/\/deltabirdingfestival.com\/wp-content\/uploads\/2022\/11\/conferencies-dbf22.jpg\" \n\t            alt=\"conferencies-dbf22\" \n\t            src=\"data:image\/png;base64,iVBORw0KGgoAAAANSUhEUgAAAAEAAAABCAYAAAAfFcSJAAAAAXNSR0IArs4c6QAAAARnQU1BAACxjwv8YQUAAAAJcEhZcwAADsQAAA7EAZUrDhsAAAANSURBVBhXYzh8+PB\/AAffA0nNPuCLAAAAAElFTkSuQmCC\">\n\t   <\/figure>\n\n\n<h4 class=\"has-text-align-center wp-block-heading\">S. PLA &amp; X. ROVIRA (AVAILABLE SOON)<\/h4>\n\n\n\n<h5 class=\"has-text-align-center wp-block-heading\">&#8220;Estudis preliminars per la reintroducci\u00f3 del linx a Catalunya&#8221; (CAST)<\/h5>\n<\/div>\n\n\n\n<div class=\"wp-block-column is-layout-flow wp-block-column-is-layout-flow\"><figure class=\"old-block-image\">\n\t    <img decoding=\"async\" \n\t            class=\"lazy lazyload\" \n\t            data-mobilesrc=\"https:\/\/deltabirdingfestival.com\/wp-content\/uploads\/2022\/11\/1b.-base-imatges-dbfweb-.jpg\" \n\t            data-src=\"https:\/\/deltabirdingfestival.com\/wp-content\/uploads\/2022\/11\/1b.-base-imatges-dbfweb-.jpg\" \n\t            alt=\"1b.-base-imatges-dbfweb-\" \n\t            src=\"data:image\/png;base64,iVBORw0KGgoAAAANSUhEUgAAAAEAAAABCAYAAAAfFcSJAAAAAXNSR0IArs4c6QAAAARnQU1BAACxjwv8YQUAAAAJcEhZcwAADsQAAA7EAZUrDhsAAAANSURBVBhXYzh8+PB\/AAffA0nNPuCLAAAAAElFTkSuQmCC\">\n\t   <\/figure>\n\n\n<h4 class=\"has-text-align-center wp-block-heading\"><\/h4>\n\n\n\n<h5 class=\"has-text-align-center wp-block-heading\"><\/h5>\n<\/div>\n<\/div>\n<\/div><\/div>\n\n\n\n<div style=\"height:20px\" aria-hidden=\"true\" class=\"wp-block-spacer\"><\/div>\n\n\n\n<h3 class=\"wp-block-heading\">SATURDAY 24.09.2022<\/h3>\n\n\n\n<div class=\"wp-block-group alignwide\"><div class=\"wp-block-group__inner-container is-layout-flow wp-block-group-is-layout-flow\">\n<div class=\"wp-block-columns is-layout-flex wp-container-core-columns-is-layout-9d6595d7 wp-block-columns-is-layout-flex\">\n<div class=\"wp-block-column is-layout-flow wp-block-column-is-layout-flow\"><figure class=\"old-block-image\">\n\t    <img decoding=\"async\" \n\t            class=\"lazy lazyload\" \n\t            data-mobilesrc=\"https:\/\/deltabirdingfestival.com\/wp-content\/uploads\/2022\/11\/5-1.jpg\" \n\t            data-src=\"https:\/\/deltabirdingfestival.com\/wp-content\/uploads\/2022\/11\/5-1.jpg\" \n\t            alt=\"5\" \n\t            src=\"data:image\/png;base64,iVBORw0KGgoAAAANSUhEUgAAAAEAAAABCAYAAAAfFcSJAAAAAXNSR0IArs4c6QAAAARnQU1BAACxjwv8YQUAAAAJcEhZcwAADsQAAA7EAZUrDhsAAAANSURBVBhXYzh8+PB\/AAffA0nNPuCLAAAAAElFTkSuQmCC\">\n\t   <\/figure>\n\n\n<h4 class=\"has-text-align-center wp-block-heading\"><a href=\"https:\/\/youtu.be\/7KtNKGmEqvs\">STANISLAS WROZA<\/a><\/h4>\n\n\n\n<h5 class=\"has-text-align-center wp-block-heading\"><a href=\"https:\/\/youtu.be\/7KtNKGmEqvs\">&#8220;Benefits of sound recording for birdwatchers&#8221; (ENG)<\/a><\/h5>\n<\/div>\n\n\n\n<div class=\"wp-block-column is-layout-flow wp-block-column-is-layout-flow\"><figure class=\"old-block-image\">\n\t    <img decoding=\"async\" \n\t            class=\"lazy lazyload\" \n\t            data-mobilesrc=\"https:\/\/deltabirdingfestival.com\/wp-content\/uploads\/2022\/11\/conferencies-dbf22-2.jpg\" \n\t            data-src=\"https:\/\/deltabirdingfestival.com\/wp-content\/uploads\/2022\/11\/conferencies-dbf22-2.jpg\" \n\t            alt=\"conferencies-dbf22-2\" \n\t            src=\"data:image\/png;base64,iVBORw0KGgoAAAANSUhEUgAAAAEAAAABCAYAAAAfFcSJAAAAAXNSR0IArs4c6QAAAARnQU1BAACxjwv8YQUAAAAJcEhZcwAADsQAAA7EAZUrDhsAAAANSURBVBhXYzh8+PB\/AAffA0nNPuCLAAAAAElFTkSuQmCC\">\n\t   <\/figure>\n\n\n<h4 class=\"has-text-align-center wp-block-heading\"><a href=\"https:\/\/youtu.be\/qrxpl2yBP-o\">NADJA WEISSHAUPT<\/a><\/h4>\n\n\n\n<h5 class=\"has-text-align-center wp-block-heading\"><a href=\"https:\/\/youtu.be\/qrxpl2yBP-o\">&#8220;Radares meteorol\u00f3gicos y migraci\u00f3n: beneficios y retos&#8221; (CAST)<\/a><\/h5>\n<\/div>\n<\/div>\n<\/div><\/div>\n\n\n\n<div style=\"height:20px\" aria-hidden=\"true\" class=\"wp-block-spacer\"><\/div>\n\n\n\n<div style=\"height:20px\" aria-hidden=\"true\" class=\"wp-block-spacer\"><\/div>\n\n\n\n<div class=\"wp-block-group alignwide\"><div class=\"wp-block-group__inner-container is-layout-flow wp-block-group-is-layout-flow\">\n<div class=\"wp-block-columns is-layout-flex wp-container-core-columns-is-layout-9d6595d7 wp-block-columns-is-layout-flex\">\n<div class=\"wp-block-column is-layout-flow wp-block-column-is-layout-flow\"><figure class=\"old-block-image\">\n\t    <img decoding=\"async\" \n\t            class=\"lazy lazyload\" \n\t            data-mobilesrc=\"https:\/\/deltabirdingfestival.com\/wp-content\/uploads\/2022\/11\/conferencies-dbf22-4.jpg\" \n\t            data-src=\"https:\/\/deltabirdingfestival.com\/wp-content\/uploads\/2022\/11\/conferencies-dbf22-4.jpg\" \n\t            alt=\"conferencies-dbf22-4\" \n\t            src=\"data:image\/png;base64,iVBORw0KGgoAAAANSUhEUgAAAAEAAAABCAYAAAAfFcSJAAAAAXNSR0IArs4c6QAAAARnQU1BAACxjwv8YQUAAAAJcEhZcwAADsQAAA7EAZUrDhsAAAANSURBVBhXYzh8+PB\/AAffA0nNPuCLAAAAAElFTkSuQmCC\">\n\t   <\/figure>\n\n\n<h4 class=\"has-text-align-center wp-block-heading\"><a href=\"https:\/\/youtu.be\/q-A-CFyYER4\">ORIOL ALAMANY<\/a><\/h4>\n\n\n\n<h5 class=\"has-text-align-center wp-block-heading\"><a href=\"https:\/\/youtu.be\/q-A-CFyYER4\">&#8220;La pardela balear, de la luz a la oscuridad&#8221; (CAST)<\/a><\/h5>\n<\/div>\n\n\n\n<div class=\"wp-block-column is-layout-flow wp-block-column-is-layout-flow\"><figure class=\"old-block-image\">\n\t    <img decoding=\"async\" \n\t            class=\"lazy lazyload\" \n\t            data-mobilesrc=\"https:\/\/deltabirdingfestival.com\/wp-content\/uploads\/2022\/11\/9-1.jpg\" \n\t            data-src=\"https:\/\/deltabirdingfestival.com\/wp-content\/uploads\/2022\/11\/9-1.jpg\" \n\t            alt=\"9\" \n\t            src=\"data:image\/png;base64,iVBORw0KGgoAAAANSUhEUgAAAAEAAAABCAYAAAAfFcSJAAAAAXNSR0IArs4c6QAAAARnQU1BAACxjwv8YQUAAAAJcEhZcwAADsQAAA7EAZUrDhsAAAANSURBVBhXYzh8+PB\/AAffA0nNPuCLAAAAAElFTkSuQmCC\">\n\t   <\/figure>\n\n\n<h4 class=\"has-text-align-center wp-block-heading\"><a href=\"https:\/\/youtu.be\/npECc7FkmIM\">DAVID ALLAN SIBLEY<\/a><\/h4>\n\n\n\n<h5 class=\"has-text-align-center wp-block-heading\"><a href=\"https:\/\/youtu.be\/npECc7FkmIM\">&#8220;The psicology of bird identification&#8221; (ENG)<\/a><\/h5>\n<\/div>\n<\/div>\n<\/div><\/div>\n\n\n\n<div style=\"height:20px\" aria-hidden=\"true\" class=\"wp-block-spacer\"><\/div>\n\n\n\n<div class=\"wp-block-group alignwide\"><div class=\"wp-block-group__inner-container is-layout-flow wp-block-group-is-layout-flow\">\n<div class=\"wp-block-columns is-layout-flex wp-container-core-columns-is-layout-9d6595d7 wp-block-columns-is-layout-flex\">\n<div class=\"wp-block-column is-layout-flow wp-block-column-is-layout-flow\"><figure class=\"old-block-image\">\n\t    <img decoding=\"async\" \n\t            class=\"lazy lazyload\" \n\t            data-mobilesrc=\"https:\/\/deltabirdingfestival.com\/wp-content\/uploads\/2022\/11\/conferencies-dbf22-5-320x180.jpg\" \n\t            data-src=\"https:\/\/deltabirdingfestival.com\/wp-content\/uploads\/2022\/11\/conferencies-dbf22-5.jpg\" \n\t            alt=\"conferencies-dbf22-5\" \n\t            src=\"data:image\/png;base64,iVBORw0KGgoAAAANSUhEUgAAAAEAAAABCAYAAAAfFcSJAAAAAXNSR0IArs4c6QAAAARnQU1BAACxjwv8YQUAAAAJcEhZcwAADsQAAA7EAZUrDhsAAAANSURBVBhXYzh8+PB\/AAffA0nNPuCLAAAAAElFTkSuQmCC\">\n\t   <\/figure>\n\n\n<h4 class=\"has-text-align-center wp-block-heading\"><a href=\"https:\/\/youtu.be\/zM-3NpLGWdA\">KILLIAN MULLARNEY<\/a><\/h4>\n\n\n\n<h5 class=\"has-text-align-center wp-block-heading\"><a href=\"https:\/\/youtu.be\/zM-3NpLGWdA\">&#8220;The impact of modern photography on birdwatching and bird-identification practices&#8221; (ENG)<\/a><\/h5>\n<\/div>\n\n\n\n<div class=\"wp-block-column is-layout-flow wp-block-column-is-layout-flow\"><figure class=\"old-block-image\">\n\t    <img decoding=\"async\" \n\t            class=\"lazy lazyload\" \n\t            data-mobilesrc=\"https:\/\/deltabirdingfestival.com\/wp-content\/uploads\/2022\/11\/12-1.jpg\" \n\t            data-src=\"https:\/\/deltabirdingfestival.com\/wp-content\/uploads\/2022\/11\/12-1.jpg\" \n\t            alt=\"12\" \n\t            src=\"data:image\/png;base64,iVBORw0KGgoAAAANSUhEUgAAAAEAAAABCAYAAAAfFcSJAAAAAXNSR0IArs4c6QAAAARnQU1BAACxjwv8YQUAAAAJcEhZcwAADsQAAA7EAZUrDhsAAAANSURBVBhXYzh8+PB\/AAffA0nNPuCLAAAAAElFTkSuQmCC\">\n\t   <\/figure>\n\n\n<h4 class=\"has-text-align-center wp-block-heading\"><a href=\"https:\/\/youtu.be\/zQa4wBjYXHY\">XAVI BOU<\/a><\/h4>\n\n\n\n<h5 class=\"has-text-align-center wp-block-heading\"><a href=\"https:\/\/youtu.be\/zQa4wBjYXHY\">&#8220;Ornitografies, revelant la bellesa oculta del vol de les aus&#8221; (CAT)<\/a><\/h5>\n<\/div>\n<\/div>\n<\/div><\/div>\n\n\n\n<div style=\"height:20px\" aria-hidden=\"true\" class=\"wp-block-spacer\"><\/div>\n\n\n\n<div class=\"wp-block-group alignwide\"><div class=\"wp-block-group__inner-container is-layout-flow wp-block-group-is-layout-flow\">\n<div class=\"wp-block-columns is-layout-flex wp-container-core-columns-is-layout-9d6595d7 wp-block-columns-is-layout-flex\">\n<div class=\"wp-block-column is-layout-flow wp-block-column-is-layout-flow\"><figure class=\"old-block-image\">\n\t    <img decoding=\"async\" \n\t            class=\"lazy lazyload\" \n\t            data-mobilesrc=\"https:\/\/deltabirdingfestival.com\/wp-content\/uploads\/2022\/11\/conferencies-dbf22-6.jpg\" \n\t            data-src=\"https:\/\/deltabirdingfestival.com\/wp-content\/uploads\/2022\/11\/conferencies-dbf22-6.jpg\" \n\t            alt=\"conferencies-dbf22-6\" \n\t            src=\"data:image\/png;base64,iVBORw0KGgoAAAANSUhEUgAAAAEAAAABCAYAAAAfFcSJAAAAAXNSR0IArs4c6QAAAARnQU1BAACxjwv8YQUAAAAJcEhZcwAADsQAAA7EAZUrDhsAAAANSURBVBhXYzh8+PB\/AAffA0nNPuCLAAAAAElFTkSuQmCC\">\n\t   <\/figure>\n\n\n<h4 class=\"has-text-align-center wp-block-heading\"><a href=\"https:\/\/youtu.be\/WfI8qrk_6Tk\">ALI ALIESLAM<\/a><\/h4>\n\n\n\n<h5 class=\"has-text-align-center wp-block-heading\"><a href=\"https:\/\/youtu.be\/WfI8qrk_6Tk\">&#8220;An Introduction to mammals and birds of Iran&#8221; (ENG)<\/a><\/h5>\n<\/div>\n\n\n\n<div class=\"wp-block-column is-layout-flow wp-block-column-is-layout-flow\"><figure class=\"old-block-image\">\n\t    <img decoding=\"async\" \n\t            class=\"lazy lazyload\" \n\t            data-mobilesrc=\"https:\/\/deltabirdingfestival.com\/wp-content\/uploads\/2022\/11\/conferencies-dbf22-7.jpg\" \n\t            data-src=\"https:\/\/deltabirdingfestival.com\/wp-content\/uploads\/2022\/11\/conferencies-dbf22-7.jpg\" \n\t            alt=\"conferencies-dbf22-7\" \n\t            src=\"data:image\/png;base64,iVBORw0KGgoAAAANSUhEUgAAAAEAAAABCAYAAAAfFcSJAAAAAXNSR0IArs4c6QAAAARnQU1BAACxjwv8YQUAAAAJcEhZcwAADsQAAA7EAZUrDhsAAAANSURBVBhXYzh8+PB\/AAffA0nNPuCLAAAAAElFTkSuQmCC\">\n\t   <\/figure>\n\n\n<h4 class=\"has-text-align-center wp-block-heading\"><a href=\"https:\/\/youtu.be\/STNHhXdRfxc\">IGNACIO Y\u00daFERA<\/a><\/h4>\n\n\n\n<h5 class=\"has-text-align-center wp-block-heading\"><a href=\"https:\/\/youtu.be\/STNHhXdRfxc\">&#8220;Colibr\u00edes y arp\u00edas: las aves m\u00e1s buscadas de Panam\u00e0&#8221; (CAST)<\/a><\/h5>\n<\/div>\n<\/div>\n<\/div><\/div>\n\n\n\n<div class=\"wp-block-group alignwide\"><div class=\"wp-block-group__inner-container is-layout-flow wp-block-group-is-layout-flow\">\n<div class=\"wp-block-columns is-layout-flex wp-container-core-columns-is-layout-9d6595d7 wp-block-columns-is-layout-flex\">\n<div class=\"wp-block-column is-layout-flow wp-block-column-is-layout-flow\"><figure class=\"old-block-image\">\n\t    <img decoding=\"async\" \n\t            class=\"lazy lazyload\" \n\t            data-mobilesrc=\"https:\/\/deltabirdingfestival.com\/wp-content\/uploads\/2022\/11\/8-1.jpg\" \n\t            data-src=\"https:\/\/deltabirdingfestival.com\/wp-content\/uploads\/2022\/11\/8-1.jpg\" \n\t            alt=\"8\" \n\t            src=\"data:image\/png;base64,iVBORw0KGgoAAAANSUhEUgAAAAEAAAABCAYAAAAfFcSJAAAAAXNSR0IArs4c6QAAAARnQU1BAACxjwv8YQUAAAAJcEhZcwAADsQAAA7EAZUrDhsAAAANSURBVBhXYzh8+PB\/AAffA0nNPuCLAAAAAElFTkSuQmCC\">\n\t   <\/figure>\n\n\n<h4 class=\"has-text-align-center wp-block-heading\"><a href=\"https:\/\/youtu.be\/QrHKB34ZLsg\">VICTOR ORTEGA<\/a><\/h4>\n\n\n\n<h5 class=\"has-text-align-center wp-block-heading\"><a href=\"https:\/\/youtu.be\/QrHKB34ZLsg\">&#8220;C\u00f3mo fotografiar aves en un tiempo r\u00e9cord&#8221; (CAST)<\/a><\/h5>\n<\/div>\n\n\n\n<div class=\"wp-block-column is-layout-flow wp-block-column-is-layout-flow\"><figure class=\"old-block-image\">\n\t    <img decoding=\"async\" \n\t            class=\"lazy lazyload\" \n\t            data-mobilesrc=\"https:\/\/deltabirdingfestival.com\/wp-content\/uploads\/2022\/11\/1b.-base-imatges-dbfweb-.jpg\" \n\t            data-src=\"https:\/\/deltabirdingfestival.com\/wp-content\/uploads\/2022\/11\/1b.-base-imatges-dbfweb-.jpg\" \n\t            alt=\"1b.-base-imatges-dbfweb-\" \n\t            src=\"data:image\/png;base64,iVBORw0KGgoAAAANSUhEUgAAAAEAAAABCAYAAAAfFcSJAAAAAXNSR0IArs4c6QAAAARnQU1BAACxjwv8YQUAAAAJcEhZcwAADsQAAA7EAZUrDhsAAAANSURBVBhXYzh8+PB\/AAffA0nNPuCLAAAAAElFTkSuQmCC\">\n\t   <\/figure>\n\n\n<h4 class=\"has-text-align-center wp-block-heading\"><\/h4>\n\n\n\n<h5 class=\"has-text-align-center wp-block-heading\"><\/h5>\n<\/div>\n<\/div>\n<\/div><\/div>\n\n\n\n<div style=\"height:20px\" aria-hidden=\"true\" class=\"wp-block-spacer\"><\/div>\n\n\n\n<h3 class=\"wp-block-heading\">SUNDAY 25.09.2022<\/h3>\n\n\n\n<div class=\"wp-block-group alignwide\"><div class=\"wp-block-group__inner-container is-layout-flow wp-block-group-is-layout-flow\">\n<div class=\"wp-block-columns is-layout-flex wp-container-core-columns-is-layout-9d6595d7 wp-block-columns-is-layout-flex\">\n<div class=\"wp-block-column is-layout-flow wp-block-column-is-layout-flow\"><figure class=\"old-block-image\">\n\t    <img decoding=\"async\" \n\t            class=\"lazy lazyload\" \n\t            data-mobilesrc=\"https:\/\/deltabirdingfestival.com\/wp-content\/uploads\/2022\/11\/conferencies-dbf22-8.jpg\" \n\t            data-src=\"https:\/\/deltabirdingfestival.com\/wp-content\/uploads\/2022\/11\/conferencies-dbf22-8.jpg\" \n\t            alt=\"conferencies-dbf22-8\" \n\t            src=\"data:image\/png;base64,iVBORw0KGgoAAAANSUhEUgAAAAEAAAABCAYAAAAfFcSJAAAAAXNSR0IArs4c6QAAAARnQU1BAACxjwv8YQUAAAAJcEhZcwAADsQAAA7EAZUrDhsAAAANSURBVBhXYzh8+PB\/AAffA0nNPuCLAAAAAElFTkSuQmCC\">\n\t   <\/figure>\n\n\n<h4 class=\"has-text-align-center wp-block-heading\"><a href=\"https:\/\/youtu.be\/4qI9igZrkNo\">E. BADOSA &amp; E. FARR\u00c9<\/a><\/h4>\n\n\n\n<h5 class=\"has-text-align-center wp-block-heading\"><a href=\"https:\/\/youtu.be\/4qI9igZrkNo\">&#8220;Temporal Gl\u00f2ria i confinament, desastre o sort? Balan\u00e7 dos anys despr\u00e9s&#8221; (CAT)<\/a><\/h5>\n<\/div>\n\n\n\n<div class=\"wp-block-column is-layout-flow wp-block-column-is-layout-flow\"><figure class=\"old-block-image\">\n\t    <img decoding=\"async\" \n\t            class=\"lazy lazyload\" \n\t            data-mobilesrc=\"https:\/\/deltabirdingfestival.com\/wp-content\/uploads\/2022\/11\/conferencies-dbf22-10.jpg\" \n\t            data-src=\"https:\/\/deltabirdingfestival.com\/wp-content\/uploads\/2022\/11\/conferencies-dbf22-10.jpg\" \n\t            alt=\"conferencies-dbf22-10\" \n\t            src=\"data:image\/png;base64,iVBORw0KGgoAAAANSUhEUgAAAAEAAAABCAYAAAAfFcSJAAAAAXNSR0IArs4c6QAAAARnQU1BAACxjwv8YQUAAAAJcEhZcwAADsQAAA7EAZUrDhsAAAANSURBVBhXYzh8+PB\/AAffA0nNPuCLAAAAAElFTkSuQmCC\">\n\t   <\/figure>\n\n\n<h4 class=\"has-text-align-center wp-block-heading\"><a href=\"https:\/\/youtu.be\/GFFjMKEegvA\">J. BAUCELLS &amp; C. MARTORELL<\/a><\/h4>\n\n\n\n<h5 class=\"has-text-align-center wp-block-heading\"><a href=\"https:\/\/youtu.be\/GFFjMKEegvA\">&#8220;Creaci\u00f3 d\u2019una reserva de rapinyaires nocturns a la Plana de Vic&#8221; (CAT)<\/a><\/h5>\n<\/div>\n<\/div>\n<\/div><\/div>\n\n\n\n<div style=\"height:20px\" aria-hidden=\"true\" class=\"wp-block-spacer\"><\/div>\n\n\n\n<div class=\"wp-block-group alignwide\"><div class=\"wp-block-group__inner-container is-layout-flow wp-block-group-is-layout-flow\">\n<div class=\"wp-block-columns is-layout-flex wp-container-core-columns-is-layout-9d6595d7 wp-block-columns-is-layout-flex\">\n<div class=\"wp-block-column is-layout-flow wp-block-column-is-layout-flow\"><figure class=\"old-block-image\">\n\t    <img decoding=\"async\" \n\t            class=\"lazy lazyload\" \n\t            data-mobilesrc=\"https:\/\/deltabirdingfestival.com\/wp-content\/uploads\/2022\/11\/conferencies-dbf22-12.jpg\" \n\t            data-src=\"https:\/\/deltabirdingfestival.com\/wp-content\/uploads\/2022\/11\/conferencies-dbf22-12.jpg\" \n\t            alt=\"conferencies-dbf22-12\" \n\t            src=\"data:image\/png;base64,iVBORw0KGgoAAAANSUhEUgAAAAEAAAABCAYAAAAfFcSJAAAAAXNSR0IArs4c6QAAAARnQU1BAACxjwv8YQUAAAAJcEhZcwAADsQAAA7EAZUrDhsAAAANSURBVBhXYzh8+PB\/AAffA0nNPuCLAAAAAElFTkSuQmCC\">\n\t   <\/figure>\n\n\n<h4 class=\"has-text-align-center wp-block-heading\"><a href=\"https:\/\/youtu.be\/0jn5Z1F8ZdQ\">MARIA DEL MAR DELGADO<\/a><\/h4>\n\n\n\n<h5 class=\"has-text-align-center wp-block-heading\"><a href=\"https:\/\/youtu.be\/0jn5Z1F8ZdQ\">&#8220;Invierno, p\u00e1jaros y cambio clim\u00e1tico&#8221; (CAST)<\/a><\/h5>\n<\/div>\n\n\n\n<div class=\"wp-block-column is-layout-flow wp-block-column-is-layout-flow\"><figure class=\"old-block-image\">\n\t    <img decoding=\"async\" \n\t            class=\"lazy lazyload\" \n\t            data-mobilesrc=\"https:\/\/deltabirdingfestival.com\/wp-content\/uploads\/2022\/11\/conferencies-dbf22-13.jpg\" \n\t            data-src=\"https:\/\/deltabirdingfestival.com\/wp-content\/uploads\/2022\/11\/conferencies-dbf22-13.jpg\" \n\t            alt=\"conferencies-dbf22-13\" \n\t            src=\"data:image\/png;base64,iVBORw0KGgoAAAANSUhEUgAAAAEAAAABCAYAAAAfFcSJAAAAAXNSR0IArs4c6QAAAARnQU1BAACxjwv8YQUAAAAJcEhZcwAADsQAAA7EAZUrDhsAAAANSURBVBhXYzh8+PB\/AAffA0nNPuCLAAAAAElFTkSuQmCC\">\n\t   <\/figure>\n\n\n<h4 class=\"has-text-align-center wp-block-heading\">JAVIER  PUERTAS (AVAILABLE SOON)<\/h4>\n\n\n\n<h5 class=\"has-text-align-center wp-block-heading\">&#8220;El papel de la fotograf\u00eda en la protecci\u00f3n de espacios naturales&#8221; (CAST)<\/h5>\n<\/div>\n<\/div>\n<\/div><\/div>\n\n\n\n<div style=\"height:20px\" aria-hidden=\"true\" class=\"wp-block-spacer\"><\/div>\n\n\n\n<div style=\"height:20px\" aria-hidden=\"true\" class=\"wp-block-spacer\"><\/div>\n","protected":false},"excerpt":{"rendered":"<p>Check out the #dbf22 conferences that took place in marquee 1 on September 23, 24 and 25, 2022: FRIDAY 23.09.2022 MARC VILAHUR &#8220;Observatori del Patrimoni Natural i la Biodiversitat&#8221; (CAT) STEPHEN BAILLIE (AVAILABLE SOON) &#8220;The Eurasian African Bird Migration Atlas: large-scale movements of European birds&#8221; (ENG) S. PLA &amp; X. ROVIRA (AVAILABLE SOON) &#8220;Estudis preliminars&#8230;<\/p>\n","protected":false},"author":6,"featured_media":0,"parent":0,"menu_order":0,"comment_status":"closed","ping_status":"closed","template":"","meta":{"inline_featured_image":false,"footnotes":""},"class_list":["post-17337","page","type-page","status-publish","hentry"],"_links":{"self":[{"href":"https:\/\/deltabirdingfestival.com\/en\/wp-json\/wp\/v2\/pages\/17337","targetHints":{"allow":["GET"]}}],"collection":[{"href":"https:\/\/deltabirdingfestival.com\/en\/wp-json\/wp\/v2\/pages"}],"about":[{"href":"https:\/\/deltabirdingfestival.com\/en\/wp-json\/wp\/v2\/types\/page"}],"author":[{"embeddable":true,"href":"https:\/\/deltabirdingfestival.com\/en\/wp-json\/wp\/v2\/users\/6"}],"replies":[{"embeddable":true,"href":"https:\/\/deltabirdingfestival.com\/en\/wp-json\/wp\/v2\/comments?post=17337"}],"version-history":[{"count":0,"href":"https:\/\/deltabirdingfestival.com\/en\/wp-json\/wp\/v2\/pages\/17337\/revisions"}],"wp:attachment":[{"href":"https:\/\/deltabirdingfestival.com\/en\/wp-json\/wp\/v2\/media?parent=17337"}],"curies":[{"name":"wp","href":"https:\/\/api.w.org\/{rel}","templated":true}]}}