{"id":35951,"date":"2025-06-19T13:36:14","date_gmt":"2025-06-19T11:36:14","guid":{"rendered":"https:\/\/deltabirdingfestival.com\/?post_type=activity&#038;p=35951"},"modified":"2025-09-05T12:56:39","modified_gmt":"2025-09-05T10:56:39","slug":"iniciacion-a-la-fotografia-de-naturaleza-domingo","status":"publish","type":"activity","link":"https:\/\/deltabirdingfestival.com\/es\/actividades\/iniciacion-a-la-fotografia-de-naturaleza-domingo\/","title":{"rendered":"Iniciaci\u00f3n a la fotografia de naturaleza- DOMINGO -AGOTADA"},"content":{"rendered":"\r\n\r\n\r\n<p class=\"wp-elements-c5d800cf0c976500f328065629c4aa0b\"><strong>De la mano de la fot\u00f3grafa Julia Ferrer, descubrir\u00e1s los secretos de la fotograf\u00eda de fauna en un taller dise\u00f1ado para quien quiere iniciarse en la captura de aves y otros animales salvajes.<\/strong><\/p>\r\n<p>Combinaremos una sesi\u00f3n te\u00f3rica, en la que aprender\u00e1s principios b\u00e1sicos de exposici\u00f3n y composici\u00f3n, con una sesi\u00f3n pr\u00e1ctica entorno A M\u00f3nNatura donde obtendr\u00e1s trucos y consejos \u00fatiles para sacar el m\u00e1ximo partido de tu c\u00e1mara.<\/p>\r\n<hr \/>\r\n<p><img loading=\"lazy\" decoding=\"async\" class=\"alignnone\" src=\"https:\/\/deltabirdingfestival.com\/wp-content\/uploads\/\/EDATCAST.svg\" alt=\"\" width=\"50\" height=\"50\" \/> <strong>Edad recomendada: <\/strong>mayores de 16 a\u00f1os.<\/p>\r\n<p><img loading=\"lazy\" decoding=\"async\" class=\"alignnone\" src=\"https:\/\/deltabirdingfestival.com\/wp-content\/uploads\/\/vehicleCAST.svg\" alt=\"\" width=\"50\" height=\"50\" \/> <strong>Veh\u00edculo particular: <\/strong>no<\/p>\r\n<p><img loading=\"lazy\" decoding=\"async\" class=\"alignnone\" src=\"https:\/\/deltabirdingfestival.com\/wp-content\/uploads\/\/distanciaCAST.svg\" alt=\"\" width=\"50\" height=\"50\" \/> <strong>Distancia a recorrer a pie:<\/strong> 1Km<\/p>\r\n<p><img loading=\"lazy\" decoding=\"async\" class=\"alignnone\" src=\"https:\/\/deltabirdingfestival.com\/wp-content\/uploads\/\/bicicletaCAST.svg\" alt=\"\" width=\"50\" height=\"50\" \/> <strong>Otros veh\u00edculos:<\/strong> no<\/p>\r\n<p><img loading=\"lazy\" decoding=\"async\" class=\"alignnone\" src=\"https:\/\/deltabirdingfestival.com\/wp-content\/uploads\/\/adaptadaCAST.svg\" alt=\"\" width=\"50\" height=\"50\" \/> <strong>Apta para movilidad reducida:<\/strong> si.<\/p>\r\n<p><img loading=\"lazy\" decoding=\"async\" class=\"alignnone\" src=\"https:\/\/deltabirdingfestival.com\/wp-content\/uploads\/\/cameraCAST.svg\" alt=\"\" width=\"50\" height=\"50\" \/> <strong>Material necesario:<\/strong><\/p>\r\n<ul>\r\n<li>C\u00e1mara de fotos<\/li>\r\n<\/ul>\r\n<p><img loading=\"lazy\" decoding=\"async\" class=\"alignnone\" src=\"https:\/\/deltabirdingfestival.com\/wp-content\/uploads\/\/localitzacioCAST.svg\" alt=\"\" width=\"50\" height=\"50\" \/> <strong>Punto de encuentro \/ salida:<\/strong><\/p>\r\n<p><strong>Aula Mirador M\u00f3n Natura Delta:<\/strong><\/p>\r\n<p><em>Carretera del Poblenou a les Salines, s\/n. Pol\u00edgon 78, parcel\u00b7la 7<\/em><\/p>\r\n<p><em>43870 Amposta<\/em> <em>Tarragona<\/em><\/p>\r\n<a href=\"https:\/\/maps.app.goo.gl\/xncsEdabf9iCUvbJ9\"><img loading=\"lazy\" decoding=\"async\" class=\"alignnone wp-image-30219 size-full\" src=\"https:\/\/deltabirdingfestival.com\/wp-content\/uploads\/2024\/04\/mapa.jpg\" alt=\"\" width=\"550\" height=\"260\" \/><\/a>\r\n<hr \/>\r\n<a href=\"https:\/\/tickets.monnaturadelta.com\/reservarEntradas?ck=48D30101161801150A515E442B282236693D7311181159100E492728202CAA697004616224C44798120D0A4848440C1A465C445E51460745105F53110E1051184723375181\"><img loading=\"lazy\" decoding=\"async\" class=\"alignnone\" src=\"https:\/\/deltabirdingfestival.com\/wp-content\/uploads\/\/entradesCAST.svg\" alt=\"\" width=\"325\" height=\"120\" \/><\/a>\r\n<pre><strong>RECUERDA QUE PARA DISFRUTAR DE ESTA ACTIVIDAD DEBES TENER LA ENTRADA GENERAL DEL FESTIVAL.<\/strong><\/pre>\r\n<img loading=\"lazy\" decoding=\"async\" class=\"alignnone wp-image-35933\" src=\"https:\/\/deltabirdingfestival.com\/wp-content\/uploads\/2025\/06\/julia_fotografia.webp\" alt=\"\" width=\"500\" height=\"333\" \/> <img loading=\"lazy\" decoding=\"async\" class=\"alignnone wp-image-35936\" src=\"https:\/\/deltabirdingfestival.com\/wp-content\/uploads\/2025\/06\/julia-ferrer.webp\" alt=\"\" width=\"500\" height=\"333\" \/>\r\n<h4 class=\"wp-block-heading has-text-align-center has-white-color has-gray-background-color has-text-color has-background has-link-color\"><img loading=\"lazy\" decoding=\"async\" class=\"alignnone wp-image-35927\" src=\"https:\/\/deltabirdingfestival.com\/wp-content\/uploads\/2025\/06\/julia_fotografia2.webp\" alt=\"\" width=\"500\" height=\"333\" \/><\/h4>\r\n\r\n<p>&nbsp;<\/p>","protected":false},"featured_media":35932,"template":"","meta":{"inline_featured_image":false,"footnotes":""},"daysactivities":[],"typesactivities":[],"class_list":["post-35951","activity","type-activity","status-publish","has-post-thumbnail","hentry"],"_links":{"self":[{"href":"https:\/\/deltabirdingfestival.com\/es\/wp-json\/wp\/v2\/activitats\/35951","targetHints":{"allow":["GET"]}}],"collection":[{"href":"https:\/\/deltabirdingfestival.com\/es\/wp-json\/wp\/v2\/activitats"}],"about":[{"href":"https:\/\/deltabirdingfestival.com\/es\/wp-json\/wp\/v2\/types\/activity"}],"version-history":[{"count":1,"href":"https:\/\/deltabirdingfestival.com\/es\/wp-json\/wp\/v2\/activitats\/35951\/revisions"}],"predecessor-version":[{"id":39378,"href":"https:\/\/deltabirdingfestival.com\/es\/wp-json\/wp\/v2\/activitats\/35951\/revisions\/39378"}],"wp:featuredmedia":[{"embeddable":true,"href":"https:\/\/deltabirdingfestival.com\/es\/wp-json\/wp\/v2\/media\/35932"}],"wp:attachment":[{"href":"https:\/\/deltabirdingfestival.com\/es\/wp-json\/wp\/v2\/media?parent=35951"}],"wp:term":[{"taxonomy":"daysactivities","embeddable":true,"href":"https:\/\/deltabirdingfestival.com\/es\/wp-json\/wp\/v2\/daysactivities?post=35951"},{"taxonomy":"typesactivities","embeddable":true,"href":"https:\/\/deltabirdingfestival.com\/es\/wp-json\/wp\/v2\/typesactivities?post=35951"}],"curies":[{"name":"wp","href":"https:\/\/api.w.org\/{rel}","templated":true}]}}