{"id":457,"date":"2021-05-20T16:12:49","date_gmt":"2021-05-20T14:12:49","guid":{"rendered":"https:\/\/deltabirdingfestival.com\/?page_id=457"},"modified":"2021-05-20T16:12:56","modified_gmt":"2021-05-20T14:12:56","slug":"politica-de-privacidad","status":"publish","type":"page","link":"https:\/\/deltabirdingfestival.com\/es\/politica-de-privacidad\/","title":{"rendered":"Pol\u00edtica de privacidad"},"content":{"rendered":"\n<p>ES A trav\u00e9s del present lloc web no  es recullen dades de car\u00e0cter personal dels usuaris sense el seu  coneixement ni es cedeixen a tercers.<\/p>\n\n\n\n<p>Aquesta pagina web no utilitza \ncookies per recollir la informaci\u00f3 dels usuaris, i tampoc registre \ndireccions IP d\u2019acc\u00e9s. \u00danicament s\u2019utilitzen cookies pr\u00f2pies, de sessi\u00f3,\n amb una finalitat t\u00e8cnica (aquelles que permeten al usuari la navegaci\u00f3\n a traves del lloc web i la utilitzaci\u00f3 de les diferents opcions i \nserveis que en aquesta es poden trobar).<\/p>\n\n\n\n<p>Aquest portal conte enlla\u00e7os a llocs \nweb de tercers, els quals les seves pol\u00edtiques de privacitat son alienes\n a les de la present pagina web. Al accedir a aquests llocs web vost\u00e8 \npot decidir si accepta les seves pol\u00edtiques de privacitat i de cookies. \nAmb car\u00e0cter general, si vost\u00e8 navega per internat, pot acceptar o \nrefusar les cookies de tercers des de les opcions de configuraci\u00f3 del \nseu navegador.<\/p>\n\n\n\n<h3 class=\"wp-block-heading\"><strong>Informaci\u00f3 b\u00e0sica sobre protecci\u00f3 de dades en cas d\u2019utilitzar el formulari de contacte. <\/strong><\/h3>\n\n\n\n<h4 class=\"wp-block-heading\"><strong>Responsable del tractament<\/strong><\/h4>\n\n\n\n<p>Les dades de car\u00e0cter personal que \nvost\u00e8 ens facilita a trav\u00e9s del formulari de contacte seran \nresponsabilitat de EQUIP BARCELONA 92, S.L. i l\u2019informa que aquestes \ndades seran tractades de conformitat amb el que disposen les normatives \nvigents en protecci\u00f3 de dades personals, el Reglament (UE) 2016\/679 de \n27 d\u2019abril de 2016 relatiu a la protecci\u00f3 de les persones f\u00edsiques pel \nque fa al tractament de dades personals i a la lliure circulaci\u00f3 \nd\u2019aquestes dades pel que se li facilita la seg\u00fcent informaci\u00f3 del \ntractament.<\/p>\n\n\n\n<h4 class=\"wp-block-heading\"><strong>Finalitat<\/strong><\/h4>\n\n\n\n<p>La finalitat del tractament d\u2019aquestes dades es respondre a les peticions dels usuaris a trav\u00e9s del formulari de contacte.<\/p>\n\n\n\n<h4 class=\"wp-block-heading\"><strong>Criteris de conservaci\u00f3 de les dades<\/strong><\/h4>\n\n\n\n<p>No es conserven dades. Un cop resolta\n la petici\u00f3 de l\u2019usuari les seves dades s\u00f3n suprimides amb mesures de \nseguretat adequades per garantir la destrucci\u00f3 total de les mateixes.<\/p>\n\n\n\n<h4 class=\"wp-block-heading\"><strong>Comunicaci\u00f3 de les dades<\/strong><\/h4>\n\n\n\n<p>No es comunicaran les dades a tercers, excepte per obligaci\u00f3 legal.<\/p>\n\n\n\n<h4 class=\"wp-block-heading\"><strong>Drets que assisteixen a l\u2019Usuari<\/strong><\/h4>\n\n\n\n<p>No escau ja que les dades no es conserven.<\/p>\n\n\n\n<h4 class=\"wp-block-heading\"><strong>Dades de contacte per exercir els seus drets<\/strong><\/h4>\n\n\n\n<p>No escau at\u00e8s que les dades de les persones s\u2019esborren un cop s\u2019ha tramitat la petici\u00f3.<\/p>\n\n\n\n<h4 class=\"wp-block-heading\"><strong>Car\u00e0cter obligatori o facultatiu de la informaci\u00f3 facilitada per l\u2019usuari <\/strong><\/h4>\n\n\n\n<p>Els Usuaris, mitjan\u00e7ant l\u2019entrada de \ndades en els camps, marcats amb un asterisc (*) en el formulari de \ncontacte accepten expressament i de forma lliure i inequ\u00edvoca, que les \nseves dades s\u00f3n necess\u00e0ries per atendre la seva petici\u00f3, per part del \nprestador, sent volunt\u00e0ria la inclusi\u00f3 de dades en els camps restants.<\/p>\n\n\n\n<p>L\u2019Usuari garanteix que les dades \npersonals facilitades al RESPONSABLE s\u00f3n veraces i es fa responsable de \ncomunicar qualsevol modificaci\u00f3 de les mateixes.<\/p>\n\n\n\n<p>El RESPONSABLE informa i garanteix \nexpressament als usuaris que les seves dades personals no seran cedides \nen cap cas a tercers, i que sempre que realitz\u00e9s algun tipus de cessi\u00f3 \nde dades personals, es demanar\u00e0 pr\u00e8viament el consentiment expr\u00e9s, \ninformat i inequ\u00edvoc per part dels Usuaris.<\/p>\n\n\n\n<p>Totes les dades sol\u00b7licitades a \ntrav\u00e9s del lloc web s\u00f3n obligatoris, ja que s\u00f3n necessaris per a la \nprestaci\u00f3 d\u2019un servei \u00f2ptim a l\u2019usuari. En cas que no siguin facilitades\n totes les dades, no es garanteix que la informaci\u00f3 i serveis facilitats\n siguin completament ajustats a les seves necessitats.<\/p>\n\n\n\n<h4 class=\"wp-block-heading\"><strong>Mesures de seguretat<\/strong><\/h4>\n\n\n\n<p>Que de conformitat amb el que \ndisposen les normatives vigents en protecci\u00f3 de dades personals, EQUIP \nBARCELONA 92, S.L. est\u00e0 complint amb totes les disposicions de les \nnormatives GDPR per al tractament de les dades personals de la seva \nresponsabilitat, i manifestament amb els principis descrits a l\u2019article 5\n de l\u2019GDPR, pels quals s\u00f3n tractats de manera l\u00edcita, lleial i \ntransparent en relaci\u00f3 amb l\u2019interessat i adequades, pertinents i \nlimitats al que necessari en relaci\u00f3 amb els fins per als quals s\u00f3n \ntractats.<\/p>\n\n\n\n<p>El RESPONSABLE garanteix que ha \nimplementat pol\u00edtiques t\u00e8cniques i organitzatives apropiades per aplicar\n les mesures de seguretat que estableixen l\u2019GDPR per tal de protegir els\n drets i llibertats dels Usuaris i els ha comunicat la informaci\u00f3 \nadequada perqu\u00e8 puguin exercir-los.<\/p>\n","protected":false},"excerpt":{"rendered":"<p>ES A trav\u00e9s del present lloc web no es recullen dades de car\u00e0cter personal dels usuaris sense el seu coneixement ni es cedeixen a tercers. Aquesta pagina web no utilitza cookies per recollir la informaci\u00f3 dels usuaris, i tampoc registre direccions IP d\u2019acc\u00e9s. \u00danicament s\u2019utilitzen cookies pr\u00f2pies, de sessi\u00f3, amb una finalitat t\u00e8cnica (aquelles que&#8230;<\/p>\n","protected":false},"author":6,"featured_media":0,"parent":0,"menu_order":51,"comment_status":"closed","ping_status":"closed","template":"","meta":{"inline_featured_image":false,"footnotes":""},"class_list":["post-457","page","type-page","status-publish","hentry"],"_links":{"self":[{"href":"https:\/\/deltabirdingfestival.com\/es\/wp-json\/wp\/v2\/pages\/457","targetHints":{"allow":["GET"]}}],"collection":[{"href":"https:\/\/deltabirdingfestival.com\/es\/wp-json\/wp\/v2\/pages"}],"about":[{"href":"https:\/\/deltabirdingfestival.com\/es\/wp-json\/wp\/v2\/types\/page"}],"author":[{"embeddable":true,"href":"https:\/\/deltabirdingfestival.com\/es\/wp-json\/wp\/v2\/users\/6"}],"replies":[{"embeddable":true,"href":"https:\/\/deltabirdingfestival.com\/es\/wp-json\/wp\/v2\/comments?post=457"}],"version-history":[{"count":0,"href":"https:\/\/deltabirdingfestival.com\/es\/wp-json\/wp\/v2\/pages\/457\/revisions"}],"wp:attachment":[{"href":"https:\/\/deltabirdingfestival.com\/es\/wp-json\/wp\/v2\/media?parent=457"}],"curies":[{"name":"wp","href":"https:\/\/api.w.org\/{rel}","templated":true}]}}